{"id":8208,"date":"2021-07-23T17:43:08","date_gmt":"2021-07-23T15:43:08","guid":{"rendered":"https:\/\/carreau-forbach.com\/?page_id=8208"},"modified":"2021-08-25T12:09:54","modified_gmt":"2021-08-25T10:09:54","slug":"offre-demploi-responsable-h-f-de-la-communication-et-des-relations-presses-franco-allemandes","status":"publish","type":"page","link":"https:\/\/carreau-forbach.com\/de\/offre-demploi-responsable-h-f-de-la-communication-et-des-relations-presses-franco-allemandes\/","title":{"rendered":"Stellenanzeige : Leiter(in) der deutsch-franz\u00f6sischen Kommunikation und Pressearbeit"},"content":{"rendered":"<p>Das Carreau &#8211; Sc\u00e8ne nationale de Forbach et de l&#8217;Est mosellan im Eurodistrict SaarMoselle ist ein multidisziplin\u00e4res Zentrum f\u00fcr darstellende K\u00fcnste, das sich f\u00fcr die Kreation und Verbreitung zeitgen\u00f6ssischer B\u00fchnenkunst, sowie f\u00fcr K\u00fcnstlerresidenzen, Sensibilisierung und k\u00fcnstlerische und kulturelle Bildung einsetzt. Nur wenige Kilometer von der deutsch-franz\u00f6sischen Grenze gelegen, arbeitet es eng mit kulturellen Einrichtungen und Vereinen auf beiden Seiten der Grenze zusammen.<br \/>\nUnter der Leitung des Direktors und in direktem Kontakt mit dem stellvertretenden Direktor wird der\/die Referent\/in f\u00fcr die deutsch-franz\u00f6sische Kommunikation und Pressearbeit aktiv an der Definition und Umsetzung der zweisprachigen Kommunikationspolitik der Sc\u00e8ne nationale mitwirken, um deren Sichtbarkeit und grenz\u00fcberschreitenden Einfluss weiterzuentwickeln. Er\/sie nimmt konkret am Betrieb der Sc\u00e8ne nationale teil, indem er\/sie beim Empfang des Publikums an den Vorstellungsabenden und -tagen sowie bei der praktischen Organisation der Auff\u00fchrungen hilft.<\/p>\n<h4>AUFGABENBEREICH<\/h4>\n<p><strong>Papier \/ Printkommunikation<\/strong><\/p>\n<ul>\n<li>Vorschlag, Umsetzung und \u00dcberpr\u00fcfung der organisatorischen Planung im Bereich der Kommunikation.<\/li>\n<li>Erstellung und Begleitung der zweisprachigen grafischen Charta: Vorprogramm, Brosch\u00fcre, Plakate, Flugbl\u00e4tter, Werbeanzeigen usw.<\/li>\n<li>Zusammenarbeit mit Grafikern, Druckereien und Verteileragenturen bei der Gestaltung von Kommunikationsmitteln.<\/li>\n<li>Definition und Organisation der Verteilung von Kommunikationsmedien.<\/li>\n<li>Beteiligung an der \u00dcbersetzung von Kommunikationsdokumenten ins Deutsche und deren Begleitung.<\/li>\n<li>Erstellung von internen Kommunikationsunterlagen und Programmflyern in beiden Sprachen.<\/li>\n<li>Vorschlag f\u00fcr innovative Kommunikationsmittel und -medien.<\/li>\n<\/ul>\n<p><strong>Digitale Kommunikation<br \/>\n<\/strong><\/p>\n<ul>\n<li>Vorschlag, Umsetzung und Nachbereitung der digitalen Kommunikationsstrategie.<\/li>\n<li>Aktualisierung und Pflege der Website und der sozialen Netzwerke.<\/li>\n<li>Schreiben von Newslettern.<\/li>\n<li>Erstellung und Verbreitung von grafischen und audiovisuellen graphischen Inhalten.<\/li>\n<li>Entwicklung von Web-Marketing-Tools.<\/li>\n<\/ul>\n<p><strong>Pressearbeit<\/strong><\/p>\n<ul>\n<li>Beziehungen zur deutschen und franz\u00f6sischen Presse, Weiterverfolgung und Aufbau der Beziehungen zu den Journalisten, Erstellung von Pressemitteilungen.<\/li>\n<li>Verwaltung der Medienstrategie.<\/li>\n<li>Erstellung des Pressespiegels der Sc\u00e8ne nationale.<\/li>\n<li>Verwaltung und Aktualisierung der Pressedatei.<\/li>\n<\/ul>\n<h4>Ihr PROFIL<\/h4>\n<ul>\n<li>Beherrschung der franz\u00f6sischen Sprache in Wort und Schrift zwingend erforderlich.<\/li>\n<li>Erfahrung in einer \u00e4hnlichen Position erw\u00fcnscht.<\/li>\n<li>Hervorragende redaktionelle F\u00e4higkeiten und m\u00fcndliches Ausdrucksverm\u00f6gen.<\/li>\n<li>Computerkenntnisse: g\u00e4ngige Computerprogramme, Programme f\u00fcr Grafikdesign und audiovisuelle<\/li>\n<li>Medien (Indesign, Photoshop, Illustrator, Premiere, usw.), Webtools.<\/li>\n<li>Interesse an neuen Medien.<\/li>\n<li>Kenntnisse und Erfahrungen mit sozialen Netzwerken.<\/li>\n<li>Gute Kenntnisse der Budgetierung.<\/li>\n<li>Erfahrung im kulturellen Bereich.<\/li>\n<li>Verf\u00fcgbarkeit in den Abendstunden und an den Wochenenden.<\/li>\n<li>F\u00fchrerschein Klasse B zwingend erforderlich.<\/li>\n<\/ul>\n<h4>KONDITIONEN<\/h4>\n<p>Unbefristeter Vollzeitvertrag. Besetzung der Stelle so bald wie m\u00f6glich.<br \/>\nVerg\u00fctung gem\u00e4\u00df der Gehaltstabelle aus dem franz\u00f6sischen Tarifvertrag &#8220;Convention collective des entreprises artistiques et culturelles&#8221; (statut cadre).<\/p>\n<h4>BEWERBUNGEN<\/h4>\n<p>Bitte senden Sie Ihren Lebenslauf und Ihr Anschreiben in deutscher und franz\u00f6sischer Sprache bis zum 24. September 2021, vorzugsweise per E-Mail, zu H\u00e4nden von Herrn Gr\u00e9gory Cauvin, Direktor: direction.adjoint@carreau-forbach.com<\/p>\n<p>&nbsp;<\/p>\n<p>&nbsp;<\/p>\n","protected":false},"excerpt":{"rendered":"<p>Das Carreau &#8211; Sc\u00e8ne nationale de Forbach et de l&#8217;Est mosellan im Eurodistrict SaarMoselle ist ein multidisziplin\u00e4res Zentrum f\u00fcr darstellende K\u00fcnste, das sich f\u00fcr die Kreation und Verbreitung zeitgen\u00f6ssischer B\u00fchnenkunst, sowie f\u00fcr K\u00fcnstlerresidenzen, Sensibilisierung und k\u00fcnstlerische und kulturelle Bildung einsetzt. Nur wenige Kilometer von der deutsch-franz\u00f6sischen Grenze gelegen, arbeitet es eng mit kulturellen Einrichtungen und &hellip; <a href=\"https:\/\/carreau-forbach.com\/de\/offre-demploi-responsable-h-f-de-la-communication-et-des-relations-presses-franco-allemandes\/\">Continued<\/a><\/p>\n","protected":false},"author":1,"featured_media":7242,"parent":0,"menu_order":0,"comment_status":"closed","ping_status":"closed","template":"","meta":{"_acf_changed":false,"footnotes":""},"class_list":["post-8208","page","type-page","status-publish","has-post-thumbnail","hentry"],"acf":[],"yoast_head":"<title>Stellenanzeige : Leiter(in) der deutsch-franz\u00f6sischen Kommunikation und Pressearbeit - Le Carreau<\/title>\n<meta name=\"robots\" content=\"index, follow, max-snippet:-1, max-image-preview:large, max-video-preview:-1\" \/>\n<link rel=\"canonical\" href=\"https:\/\/carreau-forbach.com\/offre-demploi-responsable-h-f-de-la-communication-et-des-relations-presses-franco-allemandes\/\" \/>\n<meta property=\"og:locale\" content=\"de_DE\" \/>\n<meta property=\"og:type\" content=\"article\" \/>\n<meta property=\"og:title\" content=\"Stellenanzeige : Leiter(in) der deutsch-franz\u00f6sischen Kommunikation und Pressearbeit - Le Carreau\" \/>\n<meta property=\"og:description\" content=\"Das Carreau &#8211; Sc\u00e8ne nationale de Forbach et de l&#8217;Est mosellan im Eurodistrict SaarMoselle ist ein multidisziplin\u00e4res Zentrum f\u00fcr darstellende K\u00fcnste, das sich f\u00fcr die Kreation und Verbreitung zeitgen\u00f6ssischer B\u00fchnenkunst, sowie f\u00fcr K\u00fcnstlerresidenzen, Sensibilisierung und k\u00fcnstlerische und kulturelle Bildung einsetzt. Nur wenige Kilometer von der deutsch-franz\u00f6sischen Grenze gelegen, arbeitet es eng mit kulturellen Einrichtungen und &hellip; Continued\" \/>\n<meta property=\"og:url\" content=\"https:\/\/carreau-forbach.com\/offre-demploi-responsable-h-f-de-la-communication-et-des-relations-presses-franco-allemandes\/\" \/>\n<meta property=\"og:site_name\" content=\"Le Carreau\" \/>\n<meta property=\"article:modified_time\" content=\"2021-08-25T10:09:54+00:00\" \/>\n<meta property=\"og:image\" content=\"https:\/\/carreau-forbach.com\/app\/uploads\/2021\/01\/we-want-you.jpg\" \/>\n\t<meta property=\"og:image:width\" content=\"513\" \/>\n\t<meta property=\"og:image:height\" content=\"645\" \/>\n\t<meta property=\"og:image:type\" content=\"image\/jpeg\" \/>\n<meta name=\"twitter:card\" content=\"summary_large_image\" \/>\n<meta name=\"twitter:label1\" content=\"Est. reading time\" \/>\n\t<meta name=\"twitter:data1\" content=\"2 minutes\" \/>\n<script type=\"application\/ld+json\" class=\"yoast-schema-graph\">{\"@context\":\"https:\/\/schema.org\",\"@graph\":[{\"@type\":\"WebPage\",\"@id\":\"https:\/\/carreau-forbach.com\/offre-demploi-responsable-h-f-de-la-communication-et-des-relations-presses-franco-allemandes\/\",\"url\":\"https:\/\/carreau-forbach.com\/offre-demploi-responsable-h-f-de-la-communication-et-des-relations-presses-franco-allemandes\/\",\"name\":\"Stellenanzeige : Leiter(in) der deutsch-franz\u00f6sischen Kommunikation und Pressearbeit - Le Carreau\",\"isPartOf\":{\"@id\":\"https:\/\/carreau-forbach.com\/#website\"},\"primaryImageOfPage\":{\"@id\":\"https:\/\/carreau-forbach.com\/offre-demploi-responsable-h-f-de-la-communication-et-des-relations-presses-franco-allemandes\/#primaryimage\"},\"image\":{\"@id\":\"https:\/\/carreau-forbach.com\/offre-demploi-responsable-h-f-de-la-communication-et-des-relations-presses-franco-allemandes\/#primaryimage\"},\"thumbnailUrl\":\"https:\/\/carreau-forbach.com\/app\/uploads\/2021\/01\/we-want-you.jpg\",\"datePublished\":\"2021-07-23T15:43:08+00:00\",\"dateModified\":\"2021-08-25T10:09:54+00:00\",\"breadcrumb\":{\"@id\":\"https:\/\/carreau-forbach.com\/offre-demploi-responsable-h-f-de-la-communication-et-des-relations-presses-franco-allemandes\/#breadcrumb\"},\"inLanguage\":\"de-DE\",\"potentialAction\":[{\"@type\":\"ReadAction\",\"target\":[\"https:\/\/carreau-forbach.com\/offre-demploi-responsable-h-f-de-la-communication-et-des-relations-presses-franco-allemandes\/\"]}]},{\"@type\":\"ImageObject\",\"inLanguage\":\"de-DE\",\"@id\":\"https:\/\/carreau-forbach.com\/offre-demploi-responsable-h-f-de-la-communication-et-des-relations-presses-franco-allemandes\/#primaryimage\",\"url\":\"https:\/\/carreau-forbach.com\/app\/uploads\/2021\/01\/we-want-you.jpg\",\"contentUrl\":\"https:\/\/carreau-forbach.com\/app\/uploads\/2021\/01\/we-want-you.jpg\",\"width\":513,\"height\":645},{\"@type\":\"BreadcrumbList\",\"@id\":\"https:\/\/carreau-forbach.com\/offre-demploi-responsable-h-f-de-la-communication-et-des-relations-presses-franco-allemandes\/#breadcrumb\",\"itemListElement\":[{\"@type\":\"ListItem\",\"position\":1,\"name\":\"Home\",\"item\":\"https:\/\/carreau-forbach.com\/de\/\"},{\"@type\":\"ListItem\",\"position\":2,\"name\":\"Stellenanzeige : Leiter(in) der deutsch-franz\u00f6sischen Kommunikation und Pressearbeit\"}]},{\"@type\":\"WebSite\",\"@id\":\"https:\/\/carreau-forbach.com\/#website\",\"url\":\"https:\/\/carreau-forbach.com\/\",\"name\":\"Le Carreau\",\"description\":\"Sc\u00e8ne nationale de Forbach et de l&#039;Est mosellan\",\"potentialAction\":[{\"@type\":\"SearchAction\",\"target\":{\"@type\":\"EntryPoint\",\"urlTemplate\":\"https:\/\/carreau-forbach.com\/?s={search_term_string}\"},\"query-input\":{\"@type\":\"PropertyValueSpecification\",\"valueRequired\":true,\"valueName\":\"search_term_string\"}}],\"inLanguage\":\"de-DE\"}]}<\/script>","yoast_head_json":{"title":"Stellenanzeige : Leiter(in) der deutsch-franz\u00f6sischen Kommunikation und Pressearbeit - Le Carreau","robots":{"index":"index","follow":"follow","max-snippet":"max-snippet:-1","max-image-preview":"max-image-preview:large","max-video-preview":"max-video-preview:-1"},"canonical":"https:\/\/carreau-forbach.com\/offre-demploi-responsable-h-f-de-la-communication-et-des-relations-presses-franco-allemandes\/","og_locale":"de_DE","og_type":"article","og_title":"Stellenanzeige : Leiter(in) der deutsch-franz\u00f6sischen Kommunikation und Pressearbeit - Le Carreau","og_description":"Das Carreau &#8211; Sc\u00e8ne nationale de Forbach et de l&#8217;Est mosellan im Eurodistrict SaarMoselle ist ein multidisziplin\u00e4res Zentrum f\u00fcr darstellende K\u00fcnste, das sich f\u00fcr die Kreation und Verbreitung zeitgen\u00f6ssischer B\u00fchnenkunst, sowie f\u00fcr K\u00fcnstlerresidenzen, Sensibilisierung und k\u00fcnstlerische und kulturelle Bildung einsetzt. Nur wenige Kilometer von der deutsch-franz\u00f6sischen Grenze gelegen, arbeitet es eng mit kulturellen Einrichtungen und &hellip; Continued","og_url":"https:\/\/carreau-forbach.com\/offre-demploi-responsable-h-f-de-la-communication-et-des-relations-presses-franco-allemandes\/","og_site_name":"Le Carreau","article_modified_time":"2021-08-25T10:09:54+00:00","og_image":[{"width":513,"height":645,"url":"https:\/\/carreau-forbach.com\/app\/uploads\/2021\/01\/we-want-you.jpg","type":"image\/jpeg"}],"twitter_card":"summary_large_image","twitter_misc":{"Est. reading time":"2 minutes"},"schema":{"@context":"https:\/\/schema.org","@graph":[{"@type":"WebPage","@id":"https:\/\/carreau-forbach.com\/offre-demploi-responsable-h-f-de-la-communication-et-des-relations-presses-franco-allemandes\/","url":"https:\/\/carreau-forbach.com\/offre-demploi-responsable-h-f-de-la-communication-et-des-relations-presses-franco-allemandes\/","name":"Stellenanzeige : Leiter(in) der deutsch-franz\u00f6sischen Kommunikation und Pressearbeit - Le Carreau","isPartOf":{"@id":"https:\/\/carreau-forbach.com\/#website"},"primaryImageOfPage":{"@id":"https:\/\/carreau-forbach.com\/offre-demploi-responsable-h-f-de-la-communication-et-des-relations-presses-franco-allemandes\/#primaryimage"},"image":{"@id":"https:\/\/carreau-forbach.com\/offre-demploi-responsable-h-f-de-la-communication-et-des-relations-presses-franco-allemandes\/#primaryimage"},"thumbnailUrl":"https:\/\/carreau-forbach.com\/app\/uploads\/2021\/01\/we-want-you.jpg","datePublished":"2021-07-23T15:43:08+00:00","dateModified":"2021-08-25T10:09:54+00:00","breadcrumb":{"@id":"https:\/\/carreau-forbach.com\/offre-demploi-responsable-h-f-de-la-communication-et-des-relations-presses-franco-allemandes\/#breadcrumb"},"inLanguage":"de-DE","potentialAction":[{"@type":"ReadAction","target":["https:\/\/carreau-forbach.com\/offre-demploi-responsable-h-f-de-la-communication-et-des-relations-presses-franco-allemandes\/"]}]},{"@type":"ImageObject","inLanguage":"de-DE","@id":"https:\/\/carreau-forbach.com\/offre-demploi-responsable-h-f-de-la-communication-et-des-relations-presses-franco-allemandes\/#primaryimage","url":"https:\/\/carreau-forbach.com\/app\/uploads\/2021\/01\/we-want-you.jpg","contentUrl":"https:\/\/carreau-forbach.com\/app\/uploads\/2021\/01\/we-want-you.jpg","width":513,"height":645},{"@type":"BreadcrumbList","@id":"https:\/\/carreau-forbach.com\/offre-demploi-responsable-h-f-de-la-communication-et-des-relations-presses-franco-allemandes\/#breadcrumb","itemListElement":[{"@type":"ListItem","position":1,"name":"Home","item":"https:\/\/carreau-forbach.com\/de\/"},{"@type":"ListItem","position":2,"name":"Stellenanzeige : Leiter(in) der deutsch-franz\u00f6sischen Kommunikation und Pressearbeit"}]},{"@type":"WebSite","@id":"https:\/\/carreau-forbach.com\/#website","url":"https:\/\/carreau-forbach.com\/","name":"Le Carreau","description":"Sc\u00e8ne nationale de Forbach et de l&#039;Est mosellan","potentialAction":[{"@type":"SearchAction","target":{"@type":"EntryPoint","urlTemplate":"https:\/\/carreau-forbach.com\/?s={search_term_string}"},"query-input":{"@type":"PropertyValueSpecification","valueRequired":true,"valueName":"search_term_string"}}],"inLanguage":"de-DE"}]}},"_links":{"self":[{"href":"https:\/\/carreau-forbach.com\/de\/wp-json\/wp\/v2\/pages\/8208","targetHints":{"allow":["GET"]}}],"collection":[{"href":"https:\/\/carreau-forbach.com\/de\/wp-json\/wp\/v2\/pages"}],"about":[{"href":"https:\/\/carreau-forbach.com\/de\/wp-json\/wp\/v2\/types\/page"}],"author":[{"embeddable":true,"href":"https:\/\/carreau-forbach.com\/de\/wp-json\/wp\/v2\/users\/1"}],"replies":[{"embeddable":true,"href":"https:\/\/carreau-forbach.com\/de\/wp-json\/wp\/v2\/comments?post=8208"}],"version-history":[{"count":5,"href":"https:\/\/carreau-forbach.com\/de\/wp-json\/wp\/v2\/pages\/8208\/revisions"}],"predecessor-version":[{"id":8221,"href":"https:\/\/carreau-forbach.com\/de\/wp-json\/wp\/v2\/pages\/8208\/revisions\/8221"}],"wp:featuredmedia":[{"embeddable":true,"href":"https:\/\/carreau-forbach.com\/de\/wp-json\/wp\/v2\/media\/7242"}],"wp:attachment":[{"href":"https:\/\/carreau-forbach.com\/de\/wp-json\/wp\/v2\/media?parent=8208"}],"curies":[{"name":"wp","href":"https:\/\/api.w.org\/{rel}","templated":true}]}}