{"id":7519,"date":"2021-04-30T15:50:33","date_gmt":"2021-04-30T13:50:33","guid":{"rendered":"https:\/\/carreau-forbach.com\/?page_id=7519"},"modified":"2021-07-02T14:38:54","modified_gmt":"2021-07-02T12:38:54","slug":"workshop-rund-um-das-stueck-remi","status":"publish","type":"page","link":"https:\/\/carreau-forbach.com\/de\/workshop-rund-um-das-stueck-remi\/","title":{"rendered":"Mobile-Ausstellung"},"content":{"rendered":"<h3>Entdecken Sie R\u00e9mis abenteuerliche Reise!<\/h3>\n<h3>Mobile-Ausstellung der teilnehmer*Innen des Kreativworkshops<\/h3>\n<h3>Ein ProjeKt in Zusammenarbeit mit Colombe Lauriot Pr\u00e9vost, Kost\u00fcmbildnerin des Theaterst\u00fccks r\u00e9mi<\/h3>\n<p><span style=\"color: #6d8ae3;\"><strong>Ausstellung noch bis zum 09. Juli ge\u00f6ffnet!<\/strong><\/span><\/p>\n<p>Am Montag den 28. Juni haben wir zusammen mit den Teilnehmern und Teilnehmerinnen des Kreativworkshops und allen neugierigen Besuchern die Er\u00f6ffnung der Mobile-Ausstellung gefeiert! Der Austausch rund um die Kost\u00fcmgestaltungen, Inspirationen und kreativen Ideen war sehr spannend. Ein gro\u00dfes Dankesch\u00f6n an alle!<\/p>\n<p><strong>Das Projekt:<\/strong><\/p>\n<p>Das Theaterst\u00fcck <strong><em>R\u00e9mi<\/em> <\/strong>von Jonathan Capdevielle h\u00e4tte am 14. und 15. Mai im Le Carreau gezeigt werden sollen. Um trotzdem in R\u00e9mis Geschichte eintauchen zu k\u00f6nnen, erhielten franz\u00f6sisch- und deutschsprachige TeilnehmerInnen ein Bastelset nach Hause, das unter anderem einen Link zur Aufzeichnung der Auff\u00fchrung und die kostbaren Ratschl\u00e4ge von Colombe Lauriot Pr\u00e9vost, der Kost\u00fcmbildnerin des Theaterst\u00fccks, enthielt. Inspiriert von R\u00e9mis traumhafter Welt, konnten die TeilnehmerInnen ihre eigenen Kost\u00fcmideen entwickeln. Die Zusammenstellung der Figuren in Form eines Mobiles steht dabei symbolisch f\u00fcr unsere Tr\u00e4ume, die uns die T\u00fcren zu jeder Welt \u00f6ffnen, wenn wir unserer Fantasie freien Lauf lassen. Dank der kreativen Ideen und M\u00fchen der TeilnehmerInnen, die ihre Mobiles f\u00fcr die Ausstellung ans le Carreau brachten, haben wir trotzdem die M\u00f6glichkeit, in das schillernde Universum des jungen <strong>R\u00e9mi<\/strong> zu reisen.<\/p>\n<p><strong>Die Ausstellung: <\/strong><\/p>\n<p>Die Ausstellung kann noch <strong>bis zum 09. Juli<\/strong>, w\u00e4hrend der \u00d6ffnungszeiten von Le Carreau (montags bis freitags von 14:00 bis 17:00 Uhr) besucht werden. Gerne f\u00fchren wir Sie durch die Ausstellung, beantworten Ihre Fragen zu dem Projekt und stehen f\u00fcr Informationen \u00fcber die Zusammenarbeit mit Colombe Lauriot Pr\u00e9vost, der Kost\u00fcmbildnerin des Theaterst\u00fccks <strong><em>R\u00e9mi, <\/em><\/strong>zur Verf\u00fcgung<em>.<\/em><\/p>\n<p>&nbsp;<\/p>\n<p><img loading=\"lazy\" decoding=\"async\" class=\"alignnone wp-image-8048 size-full\" src=\"https:\/\/carreau-forbach.com\/app\/uploads\/2021\/07\/20210702_120651-scaled.jpg\" alt=\"\" width=\"2560\" height=\"1920\" srcset=\"https:\/\/carreau-forbach.com\/app\/uploads\/2021\/07\/20210702_120651-scaled.jpg 2560w, https:\/\/carreau-forbach.com\/app\/uploads\/2021\/07\/20210702_120651-300x225.jpg 300w, https:\/\/carreau-forbach.com\/app\/uploads\/2021\/07\/20210702_120651-1024x768.jpg 1024w, https:\/\/carreau-forbach.com\/app\/uploads\/2021\/07\/20210702_120651-768x576.jpg 768w, https:\/\/carreau-forbach.com\/app\/uploads\/2021\/07\/20210702_120651-1536x1152.jpg 1536w, https:\/\/carreau-forbach.com\/app\/uploads\/2021\/07\/20210702_120651-2048x1536.jpg 2048w\" sizes=\"auto, (max-width: 2560px) 100vw, 2560px\" \/><\/p>\n","protected":false},"excerpt":{"rendered":"<p>Entdecken Sie R\u00e9mis abenteuerliche Reise! Mobile-Ausstellung der teilnehmer*Innen des Kreativworkshops Ein ProjeKt in Zusammenarbeit mit Colombe Lauriot Pr\u00e9vost, Kost\u00fcmbildnerin des Theaterst\u00fccks r\u00e9mi Ausstellung noch bis zum 09. Juli ge\u00f6ffnet! Am Montag den 28. Juni haben wir zusammen mit den Teilnehmern und Teilnehmerinnen des Kreativworkshops und allen neugierigen Besuchern die Er\u00f6ffnung der Mobile-Ausstellung gefeiert! Der Austausch &hellip; <a href=\"https:\/\/carreau-forbach.com\/de\/workshop-rund-um-das-stueck-remi\/\">Continued<\/a><\/p>\n","protected":false},"author":1,"featured_media":8057,"parent":0,"menu_order":0,"comment_status":"closed","ping_status":"closed","template":"","meta":{"_acf_changed":false,"footnotes":""},"class_list":["post-7519","page","type-page","status-publish","has-post-thumbnail","hentry"],"acf":[],"yoast_head":"<title>Mobile-Ausstellung - Le Carreau<\/title>\n<meta name=\"robots\" content=\"index, follow, max-snippet:-1, max-image-preview:large, max-video-preview:-1\" \/>\n<link rel=\"canonical\" href=\"https:\/\/carreau-forbach.com\/atelier-atour-du-spectacle-remi\/\" \/>\n<meta property=\"og:locale\" content=\"de_DE\" \/>\n<meta property=\"og:type\" content=\"article\" \/>\n<meta property=\"og:title\" content=\"Mobile-Ausstellung - Le Carreau\" \/>\n<meta property=\"og:description\" content=\"Entdecken Sie R\u00e9mis abenteuerliche Reise! Mobile-Ausstellung der teilnehmer*Innen des Kreativworkshops Ein ProjeKt in Zusammenarbeit mit Colombe Lauriot Pr\u00e9vost, Kost\u00fcmbildnerin des Theaterst\u00fccks r\u00e9mi Ausstellung noch bis zum 09. Juli ge\u00f6ffnet! Am Montag den 28. Juni haben wir zusammen mit den Teilnehmern und Teilnehmerinnen des Kreativworkshops und allen neugierigen Besuchern die Er\u00f6ffnung der Mobile-Ausstellung gefeiert! Der Austausch &hellip; Continued\" \/>\n<meta property=\"og:url\" content=\"https:\/\/carreau-forbach.com\/atelier-atour-du-spectacle-remi\/\" \/>\n<meta property=\"og:site_name\" content=\"Le Carreau\" \/>\n<meta property=\"article:modified_time\" content=\"2021-07-02T12:38:54+00:00\" \/>\n<meta property=\"og:image\" content=\"https:\/\/carreau-forbach.com\/app\/uploads\/2021\/07\/20210702_120555_HDR-1-scaled.jpg\" \/>\n\t<meta property=\"og:image:width\" content=\"2560\" \/>\n\t<meta property=\"og:image:height\" content=\"1921\" \/>\n\t<meta property=\"og:image:type\" content=\"image\/jpeg\" \/>\n<meta name=\"twitter:card\" content=\"summary_large_image\" \/>\n<meta name=\"twitter:label1\" content=\"Est. reading time\" \/>\n\t<meta name=\"twitter:data1\" content=\"2 minutes\" \/>\n<script type=\"application\/ld+json\" class=\"yoast-schema-graph\">{\"@context\":\"https:\/\/schema.org\",\"@graph\":[{\"@type\":\"WebPage\",\"@id\":\"https:\/\/carreau-forbach.com\/atelier-atour-du-spectacle-remi\/\",\"url\":\"https:\/\/carreau-forbach.com\/atelier-atour-du-spectacle-remi\/\",\"name\":\"Mobile-Ausstellung - Le Carreau\",\"isPartOf\":{\"@id\":\"https:\/\/carreau-forbach.com\/#website\"},\"primaryImageOfPage\":{\"@id\":\"https:\/\/carreau-forbach.com\/atelier-atour-du-spectacle-remi\/#primaryimage\"},\"image\":{\"@id\":\"https:\/\/carreau-forbach.com\/atelier-atour-du-spectacle-remi\/#primaryimage\"},\"thumbnailUrl\":\"https:\/\/carreau-forbach.com\/app\/uploads\/2021\/07\/20210702_120555_HDR-1-scaled.jpg\",\"datePublished\":\"2021-04-30T13:50:33+00:00\",\"dateModified\":\"2021-07-02T12:38:54+00:00\",\"breadcrumb\":{\"@id\":\"https:\/\/carreau-forbach.com\/atelier-atour-du-spectacle-remi\/#breadcrumb\"},\"inLanguage\":\"de-DE\",\"potentialAction\":[{\"@type\":\"ReadAction\",\"target\":[\"https:\/\/carreau-forbach.com\/atelier-atour-du-spectacle-remi\/\"]}]},{\"@type\":\"ImageObject\",\"inLanguage\":\"de-DE\",\"@id\":\"https:\/\/carreau-forbach.com\/atelier-atour-du-spectacle-remi\/#primaryimage\",\"url\":\"https:\/\/carreau-forbach.com\/app\/uploads\/2021\/07\/20210702_120555_HDR-1-scaled.jpg\",\"contentUrl\":\"https:\/\/carreau-forbach.com\/app\/uploads\/2021\/07\/20210702_120555_HDR-1-scaled.jpg\",\"width\":2560,\"height\":1921},{\"@type\":\"BreadcrumbList\",\"@id\":\"https:\/\/carreau-forbach.com\/atelier-atour-du-spectacle-remi\/#breadcrumb\",\"itemListElement\":[{\"@type\":\"ListItem\",\"position\":1,\"name\":\"Home\",\"item\":\"https:\/\/carreau-forbach.com\/de\/\"},{\"@type\":\"ListItem\",\"position\":2,\"name\":\"Mobile-Ausstellung\"}]},{\"@type\":\"WebSite\",\"@id\":\"https:\/\/carreau-forbach.com\/#website\",\"url\":\"https:\/\/carreau-forbach.com\/\",\"name\":\"Le Carreau\",\"description\":\"Sc\u00e8ne nationale de Forbach et de l&#039;Est mosellan\",\"potentialAction\":[{\"@type\":\"SearchAction\",\"target\":{\"@type\":\"EntryPoint\",\"urlTemplate\":\"https:\/\/carreau-forbach.com\/?s={search_term_string}\"},\"query-input\":{\"@type\":\"PropertyValueSpecification\",\"valueRequired\":true,\"valueName\":\"search_term_string\"}}],\"inLanguage\":\"de-DE\"}]}<\/script>","yoast_head_json":{"title":"Mobile-Ausstellung - Le Carreau","robots":{"index":"index","follow":"follow","max-snippet":"max-snippet:-1","max-image-preview":"max-image-preview:large","max-video-preview":"max-video-preview:-1"},"canonical":"https:\/\/carreau-forbach.com\/atelier-atour-du-spectacle-remi\/","og_locale":"de_DE","og_type":"article","og_title":"Mobile-Ausstellung - Le Carreau","og_description":"Entdecken Sie R\u00e9mis abenteuerliche Reise! Mobile-Ausstellung der teilnehmer*Innen des Kreativworkshops Ein ProjeKt in Zusammenarbeit mit Colombe Lauriot Pr\u00e9vost, Kost\u00fcmbildnerin des Theaterst\u00fccks r\u00e9mi Ausstellung noch bis zum 09. Juli ge\u00f6ffnet! Am Montag den 28. Juni haben wir zusammen mit den Teilnehmern und Teilnehmerinnen des Kreativworkshops und allen neugierigen Besuchern die Er\u00f6ffnung der Mobile-Ausstellung gefeiert! Der Austausch &hellip; Continued","og_url":"https:\/\/carreau-forbach.com\/atelier-atour-du-spectacle-remi\/","og_site_name":"Le Carreau","article_modified_time":"2021-07-02T12:38:54+00:00","og_image":[{"width":2560,"height":1921,"url":"https:\/\/carreau-forbach.com\/app\/uploads\/2021\/07\/20210702_120555_HDR-1-scaled.jpg","type":"image\/jpeg"}],"twitter_card":"summary_large_image","twitter_misc":{"Est. reading time":"2 minutes"},"schema":{"@context":"https:\/\/schema.org","@graph":[{"@type":"WebPage","@id":"https:\/\/carreau-forbach.com\/atelier-atour-du-spectacle-remi\/","url":"https:\/\/carreau-forbach.com\/atelier-atour-du-spectacle-remi\/","name":"Mobile-Ausstellung - Le Carreau","isPartOf":{"@id":"https:\/\/carreau-forbach.com\/#website"},"primaryImageOfPage":{"@id":"https:\/\/carreau-forbach.com\/atelier-atour-du-spectacle-remi\/#primaryimage"},"image":{"@id":"https:\/\/carreau-forbach.com\/atelier-atour-du-spectacle-remi\/#primaryimage"},"thumbnailUrl":"https:\/\/carreau-forbach.com\/app\/uploads\/2021\/07\/20210702_120555_HDR-1-scaled.jpg","datePublished":"2021-04-30T13:50:33+00:00","dateModified":"2021-07-02T12:38:54+00:00","breadcrumb":{"@id":"https:\/\/carreau-forbach.com\/atelier-atour-du-spectacle-remi\/#breadcrumb"},"inLanguage":"de-DE","potentialAction":[{"@type":"ReadAction","target":["https:\/\/carreau-forbach.com\/atelier-atour-du-spectacle-remi\/"]}]},{"@type":"ImageObject","inLanguage":"de-DE","@id":"https:\/\/carreau-forbach.com\/atelier-atour-du-spectacle-remi\/#primaryimage","url":"https:\/\/carreau-forbach.com\/app\/uploads\/2021\/07\/20210702_120555_HDR-1-scaled.jpg","contentUrl":"https:\/\/carreau-forbach.com\/app\/uploads\/2021\/07\/20210702_120555_HDR-1-scaled.jpg","width":2560,"height":1921},{"@type":"BreadcrumbList","@id":"https:\/\/carreau-forbach.com\/atelier-atour-du-spectacle-remi\/#breadcrumb","itemListElement":[{"@type":"ListItem","position":1,"name":"Home","item":"https:\/\/carreau-forbach.com\/de\/"},{"@type":"ListItem","position":2,"name":"Mobile-Ausstellung"}]},{"@type":"WebSite","@id":"https:\/\/carreau-forbach.com\/#website","url":"https:\/\/carreau-forbach.com\/","name":"Le Carreau","description":"Sc\u00e8ne nationale de Forbach et de l&#039;Est mosellan","potentialAction":[{"@type":"SearchAction","target":{"@type":"EntryPoint","urlTemplate":"https:\/\/carreau-forbach.com\/?s={search_term_string}"},"query-input":{"@type":"PropertyValueSpecification","valueRequired":true,"valueName":"search_term_string"}}],"inLanguage":"de-DE"}]}},"_links":{"self":[{"href":"https:\/\/carreau-forbach.com\/de\/wp-json\/wp\/v2\/pages\/7519","targetHints":{"allow":["GET"]}}],"collection":[{"href":"https:\/\/carreau-forbach.com\/de\/wp-json\/wp\/v2\/pages"}],"about":[{"href":"https:\/\/carreau-forbach.com\/de\/wp-json\/wp\/v2\/types\/page"}],"author":[{"embeddable":true,"href":"https:\/\/carreau-forbach.com\/de\/wp-json\/wp\/v2\/users\/1"}],"replies":[{"embeddable":true,"href":"https:\/\/carreau-forbach.com\/de\/wp-json\/wp\/v2\/comments?post=7519"}],"version-history":[{"count":7,"href":"https:\/\/carreau-forbach.com\/de\/wp-json\/wp\/v2\/pages\/7519\/revisions"}],"predecessor-version":[{"id":8064,"href":"https:\/\/carreau-forbach.com\/de\/wp-json\/wp\/v2\/pages\/7519\/revisions\/8064"}],"wp:featuredmedia":[{"embeddable":true,"href":"https:\/\/carreau-forbach.com\/de\/wp-json\/wp\/v2\/media\/8057"}],"wp:attachment":[{"href":"https:\/\/carreau-forbach.com\/de\/wp-json\/wp\/v2\/media?parent=7519"}],"curies":[{"name":"wp","href":"https:\/\/api.w.org\/{rel}","templated":true}]}}