{"id":7230,"date":"2021-01-06T10:49:37","date_gmt":"2021-01-06T09:49:37","guid":{"rendered":"https:\/\/carreau-forbach.com\/?page_id=7230"},"modified":"2021-01-06T10:49:37","modified_gmt":"2021-01-06T09:49:37","slug":"recrutement-directeur%c2%b7trice-adjoint%c2%b7e","status":"publish","type":"page","link":"https:\/\/carreau-forbach.com\/de\/recrutement-directeur%c2%b7trice-adjoint%c2%b7e\/","title":{"rendered":"Recrutement directeur\u00b7trice adjoint\u00b7e"},"content":{"rendered":"<aside class=\"offre_details_item\"><strong>Au sein de l\u2019Eurodistrict SaarMoselle d\u2019environ 700 000 habitants, Le Carreau \u2013 Sc\u00e8ne nationale de Forbach et de l\u2019Est mosellan (association droit local Alsace-Moselle), fond\u00e9 en 1996, est soutenu par l\u2019Etat, la Ville de Forbach, la R\u00e9gion Grand Est et le Syndicat Intercommunal pour l\u2019action culturelle du bassin houiller lorrain. Le Carreau s\u2019inscrit dans un territoire caract\u00e9ris\u00e9 par ses \u00e9changes privil\u00e9gi\u00e9s avec l\u2019Allemagne.<\/strong><br \/>\n<strong>La Sc\u00e8ne nationale est dot\u00e9e d\u2019un budget annuel de 1,35M\u20ac, d\u2019un effectif de 9 permanents renforc\u00e9 par 5 salari\u00e9s \u00e0 temps partag\u00e9 du groupement d\u2019Employeurs pour les Arts et la Culture, G\u00e9odes. Elle dispose d\u2019un \u00e9quipement compos\u00e9 principalement de 2 salles de 647 places et 150 places, actuellement en travaux de r\u00e9novation. <\/strong><br \/>\n<strong>Le Carreau propose une programmation exigeante pluridisciplinaire dans le domaine du spectacle vivant (musique, danse, th\u00e9\u00e2tre et disciplines associ\u00e9es). En relation avec la programmation, le Carreau accorde une importance particuli\u00e8re au travail avec les publics \u00e9loign\u00e9s des pratiques culturelles et \u00e0 la mise en place de projets d\u2019\u00e9ducation artistique et culturelle de qualit\u00e9.<\/strong><br \/>\n<strong>Le Carreau d\u00e9veloppe des partenariats notamment transfrontaliers avec les acteurs de la vie sociale, \u00e9ducative et socioculturelle de son bassin de vie et participe activement aux projets de Politique de la Ville du territoire.<\/strong><br \/>\n<strong>Le Carreau co-organise chaque ann\u00e9e le Festival jeune public franco-allemand LOOSTIK et le festival d\u2019\u00e9criture dramatique contemporaine PRIMEURS.<\/p>\n<p><\/strong><\/aside>\n<h3>description du poste<\/h3>\n<aside class=\"offre_details_item\">Le\u00b7la directeur\u00b7trice adjoint\u00b7e seconde le directeur dans le pilotage de la structure et participe \u00e0 la r\u00e9flexion sur les moyens de d\u00e9veloppement de son projet.<br \/>\nEn lien avec les diff\u00e9rents services, il\u00b7elle coordonne et veille \u00e0 la mise en \u0153uvre du projet dans ses diff\u00e9rents aspects (administratif et budg\u00e9taire, logistique, technique, RP, EAC, communication\u2026), notamment en ce qui concerne l\u2019\u00e9laboration des saisons (participation \u00e0 la programmation, contractualisations, suivi logistique\u2026).<br \/>\nA ce titre, en lien direct avec le directeur, il\u00b7elle a autorit\u00e9 sur l\u2019ensemble des services. Il\u00b7elle peut repr\u00e9senter le directeur dans les instances internes \u00e0 la structure comme aupr\u00e8s des partenaires ext\u00e9rieurs.<\/aside>\n<aside class=\"offre_details_item\">\n<h3><\/h3>\n<h3>Description du profil recherch\u00e9<\/h3>\n<p>\u2022 Formation sup\u00e9rieure.<br \/>\n\u2022 Connaissance et exp\u00e9rience en mati\u00e8re de production du spectacle vivant.<br \/>\n\u2022 Ma\u00eetrise des logiques budg\u00e9taires, financi\u00e8res et de gestion du secteur culturel.<br \/>\n\u2022 Ma\u00eetrise des cadres juridique, social et institutionnel du spectacle vivant.<br \/>\n\u2022 Capacit\u00e9 \u00e0 encadrer les \u00e9quipes et \u00e0 optimiser les moyens humains n\u00e9cessaires \u00e0 l\u2019activit\u00e9.<br \/>\n\u2022 Capacit\u00e9 \u00e0 n\u00e9gocier et \u00e0 mener des \u00e9changes avec les partenaires publics et priv\u00e9s.<br \/>\n\u2022 Parfaite ma\u00eetrise de l\u2019organisation et des r\u00e9seaux du spectacle vivant.<br \/>\n\u2022 Ma\u00eetrise de l\u2019allemand parl\u00e9 et \u00e9crit, l\u2019anglais est un plus.<br \/>\n\u2022 Culture artistique pluridisciplinaire av\u00e9r\u00e9e.<br \/>\n\u2022 Exp\u00e9rience en mati\u00e8re de strat\u00e9gie de d\u00e9veloppement de partenariats, notamment aux \u00e9chelles transfrontali\u00e8re et europ\u00e9enne.<br \/>\n\u2022 Sens du contact d\u00e9velopp\u00e9, grande capacit\u00e9 de travail, rigueur, r\u00e9elle capacit\u00e9 d\u2019adaptation, d\u2019organisation et de dialogue.<br \/>\n\u2022 Grande disponibilit\u00e9 en soir\u00e9e et en week-end.<br \/>\n\u2022 Permis B.<\/aside>\n<aside class=\"offre_details_item\">\n<h3><\/h3>\n<h3>Date de prise de fonction<\/h3>\n<p>D\u00e8s que possible.<\/aside>\n<aside class=\"offre_details_item\">\n<h3><\/h3>\n<h3>Date limite de candidature<\/h3>\n<p>29 janvier, 00h00.<br \/>\nJoindre les pr\u00e9tentions salariales et la disponibilit\u00e9 pr\u00e9visionnelle au CV et \u00e0 la lettre de motivation.<\/aside>\n<aside class=\"offre_details_item\">\n<h3><\/h3>\n<h3><i class=\"fa fa-euro\"><\/i>R\u00e9mun\u00e9ration envisag\u00e9e<\/h3>\n<p>En fonction du profil et de l\u2019exp\u00e9rience, selon la grille Syndeac.<\/aside>\n<aside class=\"offre_details_item\">\n<h3><\/h3>\n<h3>Lieu<\/h3>\n<p>Forbach (57)<\/aside>\n","protected":false},"excerpt":{"rendered":"<p>Au sein de l\u2019Eurodistrict SaarMoselle d\u2019environ 700 000 habitants, Le Carreau \u2013 Sc\u00e8ne nationale de Forbach et de l\u2019Est mosellan (association droit local Alsace-Moselle), fond\u00e9 en 1996, est soutenu par l\u2019Etat, la Ville de Forbach, la R\u00e9gion Grand Est et le Syndicat Intercommunal pour l\u2019action culturelle du bassin houiller lorrain. Le Carreau s\u2019inscrit dans un &hellip; <a href=\"https:\/\/carreau-forbach.com\/de\/recrutement-directeur%c2%b7trice-adjoint%c2%b7e\/\">Continued<\/a><\/p>\n","protected":false},"author":1,"featured_media":0,"parent":0,"menu_order":0,"comment_status":"closed","ping_status":"closed","template":"","meta":{"_acf_changed":false,"footnotes":""},"class_list":["post-7230","page","type-page","status-publish","hentry"],"acf":[],"yoast_head":"<title>Recrutement directeur\u00b7trice adjoint\u00b7e - Le Carreau<\/title>\n<meta name=\"robots\" content=\"index, follow, max-snippet:-1, max-image-preview:large, max-video-preview:-1\" \/>\n<link rel=\"canonical\" href=\"https:\/\/carreau-forbach.com\/recrutement-directeur\u00b7trice-adjoint\u00b7e\/\" \/>\n<meta property=\"og:locale\" content=\"de_DE\" \/>\n<meta property=\"og:type\" content=\"article\" \/>\n<meta property=\"og:title\" content=\"Recrutement directeur\u00b7trice adjoint\u00b7e - Le Carreau\" \/>\n<meta property=\"og:description\" content=\"Au sein de l\u2019Eurodistrict SaarMoselle d\u2019environ 700 000 habitants, Le Carreau \u2013 Sc\u00e8ne nationale de Forbach et de l\u2019Est mosellan (association droit local Alsace-Moselle), fond\u00e9 en 1996, est soutenu par l\u2019Etat, la Ville de Forbach, la R\u00e9gion Grand Est et le Syndicat Intercommunal pour l\u2019action culturelle du bassin houiller lorrain. Le Carreau s\u2019inscrit dans un &hellip; Continued\" \/>\n<meta property=\"og:url\" content=\"https:\/\/carreau-forbach.com\/recrutement-directeur\u00b7trice-adjoint\u00b7e\/\" \/>\n<meta property=\"og:site_name\" content=\"Le Carreau\" \/>\n<meta name=\"twitter:card\" content=\"summary_large_image\" \/>\n<meta name=\"twitter:label1\" content=\"Est. reading time\" \/>\n\t<meta name=\"twitter:data1\" content=\"3 minutes\" \/>\n<script type=\"application\/ld+json\" class=\"yoast-schema-graph\">{\"@context\":\"https:\/\/schema.org\",\"@graph\":[{\"@type\":\"WebPage\",\"@id\":\"https:\/\/carreau-forbach.com\/recrutement-directeur%c2%b7trice-adjoint%c2%b7e\/\",\"url\":\"https:\/\/carreau-forbach.com\/recrutement-directeur%c2%b7trice-adjoint%c2%b7e\/\",\"name\":\"Recrutement directeur\u00b7trice adjoint\u00b7e - Le Carreau\",\"isPartOf\":{\"@id\":\"https:\/\/carreau-forbach.com\/#website\"},\"datePublished\":\"2021-01-06T09:49:37+00:00\",\"breadcrumb\":{\"@id\":\"https:\/\/carreau-forbach.com\/recrutement-directeur%c2%b7trice-adjoint%c2%b7e\/#breadcrumb\"},\"inLanguage\":\"de-DE\",\"potentialAction\":[{\"@type\":\"ReadAction\",\"target\":[\"https:\/\/carreau-forbach.com\/recrutement-directeur%c2%b7trice-adjoint%c2%b7e\/\"]}]},{\"@type\":\"BreadcrumbList\",\"@id\":\"https:\/\/carreau-forbach.com\/recrutement-directeur%c2%b7trice-adjoint%c2%b7e\/#breadcrumb\",\"itemListElement\":[{\"@type\":\"ListItem\",\"position\":1,\"name\":\"Home\",\"item\":\"https:\/\/carreau-forbach.com\/de\/\"},{\"@type\":\"ListItem\",\"position\":2,\"name\":\"Recrutement directeur\u00b7trice adjoint\u00b7e\"}]},{\"@type\":\"WebSite\",\"@id\":\"https:\/\/carreau-forbach.com\/#website\",\"url\":\"https:\/\/carreau-forbach.com\/\",\"name\":\"Le Carreau\",\"description\":\"Sc\u00e8ne nationale de Forbach et de l&#039;Est mosellan\",\"potentialAction\":[{\"@type\":\"SearchAction\",\"target\":{\"@type\":\"EntryPoint\",\"urlTemplate\":\"https:\/\/carreau-forbach.com\/?s={search_term_string}\"},\"query-input\":{\"@type\":\"PropertyValueSpecification\",\"valueRequired\":true,\"valueName\":\"search_term_string\"}}],\"inLanguage\":\"de-DE\"}]}<\/script>","yoast_head_json":{"title":"Recrutement directeur\u00b7trice adjoint\u00b7e - Le Carreau","robots":{"index":"index","follow":"follow","max-snippet":"max-snippet:-1","max-image-preview":"max-image-preview:large","max-video-preview":"max-video-preview:-1"},"canonical":"https:\/\/carreau-forbach.com\/recrutement-directeur\u00b7trice-adjoint\u00b7e\/","og_locale":"de_DE","og_type":"article","og_title":"Recrutement directeur\u00b7trice adjoint\u00b7e - Le Carreau","og_description":"Au sein de l\u2019Eurodistrict SaarMoselle d\u2019environ 700 000 habitants, Le Carreau \u2013 Sc\u00e8ne nationale de Forbach et de l\u2019Est mosellan (association droit local Alsace-Moselle), fond\u00e9 en 1996, est soutenu par l\u2019Etat, la Ville de Forbach, la R\u00e9gion Grand Est et le Syndicat Intercommunal pour l\u2019action culturelle du bassin houiller lorrain. Le Carreau s\u2019inscrit dans un &hellip; Continued","og_url":"https:\/\/carreau-forbach.com\/recrutement-directeur\u00b7trice-adjoint\u00b7e\/","og_site_name":"Le Carreau","twitter_card":"summary_large_image","twitter_misc":{"Est. reading time":"3 minutes"},"schema":{"@context":"https:\/\/schema.org","@graph":[{"@type":"WebPage","@id":"https:\/\/carreau-forbach.com\/recrutement-directeur%c2%b7trice-adjoint%c2%b7e\/","url":"https:\/\/carreau-forbach.com\/recrutement-directeur%c2%b7trice-adjoint%c2%b7e\/","name":"Recrutement directeur\u00b7trice adjoint\u00b7e - Le Carreau","isPartOf":{"@id":"https:\/\/carreau-forbach.com\/#website"},"datePublished":"2021-01-06T09:49:37+00:00","breadcrumb":{"@id":"https:\/\/carreau-forbach.com\/recrutement-directeur%c2%b7trice-adjoint%c2%b7e\/#breadcrumb"},"inLanguage":"de-DE","potentialAction":[{"@type":"ReadAction","target":["https:\/\/carreau-forbach.com\/recrutement-directeur%c2%b7trice-adjoint%c2%b7e\/"]}]},{"@type":"BreadcrumbList","@id":"https:\/\/carreau-forbach.com\/recrutement-directeur%c2%b7trice-adjoint%c2%b7e\/#breadcrumb","itemListElement":[{"@type":"ListItem","position":1,"name":"Home","item":"https:\/\/carreau-forbach.com\/de\/"},{"@type":"ListItem","position":2,"name":"Recrutement directeur\u00b7trice adjoint\u00b7e"}]},{"@type":"WebSite","@id":"https:\/\/carreau-forbach.com\/#website","url":"https:\/\/carreau-forbach.com\/","name":"Le Carreau","description":"Sc\u00e8ne nationale de Forbach et de l&#039;Est mosellan","potentialAction":[{"@type":"SearchAction","target":{"@type":"EntryPoint","urlTemplate":"https:\/\/carreau-forbach.com\/?s={search_term_string}"},"query-input":{"@type":"PropertyValueSpecification","valueRequired":true,"valueName":"search_term_string"}}],"inLanguage":"de-DE"}]}},"_links":{"self":[{"href":"https:\/\/carreau-forbach.com\/de\/wp-json\/wp\/v2\/pages\/7230","targetHints":{"allow":["GET"]}}],"collection":[{"href":"https:\/\/carreau-forbach.com\/de\/wp-json\/wp\/v2\/pages"}],"about":[{"href":"https:\/\/carreau-forbach.com\/de\/wp-json\/wp\/v2\/types\/page"}],"author":[{"embeddable":true,"href":"https:\/\/carreau-forbach.com\/de\/wp-json\/wp\/v2\/users\/1"}],"replies":[{"embeddable":true,"href":"https:\/\/carreau-forbach.com\/de\/wp-json\/wp\/v2\/comments?post=7230"}],"version-history":[{"count":3,"href":"https:\/\/carreau-forbach.com\/de\/wp-json\/wp\/v2\/pages\/7230\/revisions"}],"predecessor-version":[{"id":7233,"href":"https:\/\/carreau-forbach.com\/de\/wp-json\/wp\/v2\/pages\/7230\/revisions\/7233"}],"wp:attachment":[{"href":"https:\/\/carreau-forbach.com\/de\/wp-json\/wp\/v2\/media?parent=7230"}],"curies":[{"name":"wp","href":"https:\/\/api.w.org\/{rel}","templated":true}]}}