{"id":1236,"date":"2019-09-12T15:48:44","date_gmt":"2019-09-12T13:48:44","guid":{"rendered":"https:\/\/carreau-forbach.com\/historique\/"},"modified":"2023-01-05T14:45:09","modified_gmt":"2023-01-05T13:45:09","slug":"historique","status":"publish","type":"page","link":"https:\/\/carreau-forbach.com\/de\/historique\/","title":{"rendered":"Geschichte"},"content":{"rendered":"<div class=\"row\">\n<div id=\"page-single-content\" class=\"col-md-12\">\n<h1 style=\"text-align: right;\">in bearbeitung<\/h1>\n<hr \/>\n<p>&nbsp;<\/p>\n<blockquote><p>Le Carreau \u2013 Sc\u00e8ne nationale de Forbach et de l\u2019Est mosellan ist eine <strong>gemeinn\u00fctzige Organisation (Ortsrecht)<\/strong>. Das Carreau ist 1996 aus dem Willen heraus entstanden, eine kulturelle Einrichtung in einer sehr strukturarmen Region zu schaffen. Es wird \u00fcber die DRAC Lorraine (Regionaldirektion f\u00fcr kulturelle Angelegenheiten), den Conseil R\u00e9gional de Lorraine, den Syndicat Intercommunal du Bassin Houiller (Zweckverband des Steinkohlereviers) und die Stadt Forbach gef\u00f6rdert.<\/p>\n<p><strong>Das Carreau ist Teil des <a href=\"https:\/\/www.scenes-nationales.fr\/reseau\/\">Netzes der Nationalb\u00fchnen<\/a><\/strong>, das 74 Theater umfasst. Diese Bezeichnung wird vom Kulturministerium denjenigen Einrichtungen zugesprochen, die sich einem breit angelegten kulturellen Projekt und dem Willen zur Dezentralisierung verschrieben haben und entspricht damit dem Auftrag f\u00fcr die franz\u00f6sischen \u00f6ffentlichen B\u00fchnen (<strong>Charte des missions de service public du spectacle, 1998<\/strong>). Die Charta betont die Verantwortung der Nationalb\u00fchnen: <strong>Verbreitung der zeitgen\u00f6ssischen B\u00fchnenkunst, <\/strong><strong>Einhaltung des Prinzips der k\u00fcnstlerischen Spartenvielfalt sowie F\u00f6rderung der Partnerschaften mit anderen Kultureinrichtungen in der N\u00e4he. <\/strong><strong>Ziel ist es, in dem Gebiet ein umfassendes und ausgearbeitetes kulturelles Angebot bereitzustellen <\/strong><strong>und an der kulturellen und k\u00fcnstlerischen Bildung der Bev\u00f6lkerung mitzuwirken<\/strong>.<\/p>\n<p>&nbsp;<\/p>\n<h3>Chronologischer \u00dcberblick<\/h3>\n<p>Der Wille, eine Kultureinrichtung in einer sehr strukturarmen Region zu schaffen, entsteht in Folge der Schlie\u00dfung des ACBHL (Kulturma\u00dfnahme des Steinkohlereviers Lothringen). 1996 wird Laurent Brunner vom franz\u00f6sischen Ministerium f\u00fcr Kultur zum Direktor des Carreau ernannt.<\/p>\n<h4>1996 &#8211; 2002 \u2013 Laurent Brunner<\/h4>\n<p>Die Leitung des Carreau bem\u00fcht sich um Koproduktionen \u00fcber wichtige Ereignisse; eine breite territoriale Partnerschaft mit den St\u00e4dten des Zweckverbands und den Einrichtungen der deutschen St\u00e4dte wird initiiert.<\/p>\n<p>Laurent Brunner bringt die \u201ePers\u00f6nlichkeiten\u201c diverser Bereiche des zeitgen\u00f6ssischen B\u00fchnenkunst nach Forbach: <strong>Peter Brook, J\u00e9r\u00f4me Deschamps, Ludovic Lagarde, Thomas Ostermeier, Frank Castorf, Wim Vandekeybus, Philippe D\u00e9coufl\u00e9, Barbara Hendricks, Ute Lemper, William Christie, Fazil Say, Pieter Wispelwey\u2026<\/strong><\/p>\n<h4>2002 &#8211; 2005 \u2013 Philippe Chamaux<\/h4>\n<p>Er f\u00fchrt die Arbeit seines Vorg\u00e4ngers fort und arbeitet ein Programm aus, das speziell auf die jungen Zuschauer abgestimmt ist.<\/p>\n<h4>2003 &#8211; 2004 \u2013 Die Krise<\/h4>\n<p><strong>Die Gemeinde Forbach k\u00fcrzt die Subventionsgelder der Nationalb\u00fchne und senkt ihren Beitrag von 206.000\u20ac auf 80.000\u20ac.<\/strong><\/p>\n<p>Ein Lenkungsausschuss wird einberufen, um \u00fcber die finanzielle Lage und die Zukunft der Nationalb\u00fchne zu entscheiden. Es werden mehrere Ma\u00dfnahmen getroffen: Im letzten Quartal 2004 werden keinerlei Programmpunkte und Vorstellungen mehr angeboten, um rote Zahlen zu vermeiden und schlie\u00dflich wird die Einrichtung durch Aufnahme eines Darlehens gerettet.<\/p>\n<h4>2005 \u2013 Fr\u00e9d\u00e9ric Simon<\/h4>\n<p>Im Februar 2005 gibt Philippe Chamaux endg\u00fcltig die Leitung ab. <strong>Jean-Jacques Aillagon, der zu diesem Zeitpunkt franz\u00f6sischer Minister f\u00fcr Kultur und Kommunikation ist, unterzeichnet ein Schreiben, das die Notwendigkeit des Bestands einer Nationalb\u00fchne in Forbach betont. Gleichzeitig wird veranlasst, dass ein neuer Direktor eingestellt wird; <\/strong>am 2. Mai 2005 ist es vollbracht: Fr\u00e9d\u00e9ric Simon \u00fcbernimmt die Leitung der Nationalb\u00fchne.<\/p>\n<h4>2005 &#8211; 2007 \u2013 Der Sanierungsplan<strong><br \/>\n<\/strong><\/h4>\n<p>Bei Rechnungsabschluss f\u00fcr das Jahr 2005 steht fest: Die Ausgaben wurden niedrig gehalten, die Einnahmen gesichert und der Finanzplan eingehalten.\u2028 Die Besucherzahl steigt wieder an und die Einnahmen \u00fcbertreffen die Erwartungen trotz des R\u00fcckzugs mehrerer Partner (der sich in 40.000\u20ac weniger Zuschuss niederschl\u00e4gt).<\/p>\n<h4>2009 &#8211; 2011 \u2013 Neubelebung der T\u00e4tigkeit<\/h4>\n<p>Die ver\u00e4nderten Mehrheitsverh\u00e4ltnisse in der Stadt Forbach erm\u00f6glichen es, eine neue Diskussion \u00fcber den Beitrag der Stadt einzuleiten, die dazu f\u00fchrt, dass letzterer auf 143.000\u20ac ansteigt. Das D\u00e9partement Moselle zieht seinen Anteil von 90.000\u20ac zur\u00fcck.<\/p>\n<p>Das franz\u00f6sische Ministerium f\u00fcr Kultur, die Generaldirektion f\u00fcr kulturelle Angelegenheiten (DRAC) und die Region Lothringen erhalten ihre Finanzierungshilfen f\u00fcr das Carreau in dieser durchwachsenen Zeit von 1996 bis 2009 stets aufrecht.<\/p>\n<p><strong>Im April 2009<\/strong> findet eine<strong> Forschungsaktion<\/strong> statt, die <strong>im Rahmen von \u201eJeunesse en Action\u201c<\/strong>, <strong>eines Programms der Europ\u00e4ischen Union innerhalb des Netzwerks<a href=\"http:\/\/www.idea-paris-2013.org\/\"> IDEA<\/a> und der <a href=\"http:\/\/www.anrat.asso.fr\/\">ANRAT<\/a><\/strong> (Nationale Vereinigung f\u00fcr Forschung und Aktivit\u00e4t im Theaterbereich), gef\u00f6rdert wurde.<\/p>\n<p><strong>Der Entdeckungsparcours f\u00fcr darstellende Kunst, den das Carreau Sch\u00fclergruppen und Lehrern anbietet, <\/strong><strong>bekommt daraufhin eine offizielle Bezeichnung: \u201eL\u2019Ecole du Spectateur\u201c (Die Schule des Zuschauers)<\/strong>, eine von der ANRAT vergebene offizielle Qualit\u00e4tsbezeichnung. Die Besuche des Teams des Carreau f\u00fcr \u00d6ffentlichkeitsarbeit in den Klassen (vor und nach Vorf\u00fchrungen), aber auch die Ausbildung von Akteuren vor Ort (Lehrk\u00f6rper, Akteure des sozio-kulturellen Bereichs), werden immer mehr systematisiert. Im M\u00e4rz 2012 unterzeichnen Fr\u00e9d\u00e9ric Simon und sein Team im Th\u00e9\u00e2tre du Nord (Lille) die \u201e<a href=\"http:\/\/www.anrat.asso.fr\/images\/pdf\/charteecoleduspectateur.pdf\">Nationale Charta der Schule des Zuschauers\u201c der ANRAT<\/a>.<\/p>\n<p>Nach dem gro\u00dfen Erfolg der Projekte in anderen St\u00e4dten, auf europ\u00e4ischen und internationalen Festivals, kehrt <a href=\"http:\/\/www.osmosiscie.com\/\">Osmosis Compagnie<\/a>\/Leitung Ali Salmi mit<em> [Des]astres du monde<\/em>, ein St\u00fcck, das im Carreau nach einer Residence von drei Monaten uraufgef\u00fchrt wird, wieder zur\u00fcck auf die Forbacher B\u00fchne.<\/p>\n<p>Die seit Herbst 2009 laufende Aktion um das Werk von Jean-Paul Wenzel (<a href=\"http:\/\/www.dorenavant-cie.com\/\">Dor\u00e9navant Compagnie<\/a>), mit Lesungen an weiterf\u00fchrenden Schulen und in der Mediathek von Forbach wird mit Beginn des St\u00fccks <em>Vaterland<\/em>, le pays du p\u00e8re abgeschlossen. Parallel dazu kommt die Dor\u00e9navant Cie einem Auftrag des <a href=\"http:\/\/centrenationaldulivre.fr\/\">CNL<\/a> nach, ein St\u00fcck \u00fcber maghrebinische Arbeiter des Steinkohlereviers zu schreiben und schl\u00e4gt zur r\u00e4umlichen Umsetzung mehrere Standorte in der Ost-Mosel vor.<br \/>\nDieses Partnerschaftsprojekt (<a href=\"http:\/\/www.culturecommunication.gouv.fr\/Regions\/Drac-Lorraine\">DRAC Lorraine<\/a>, <a href=\"http:\/\/centrenationaldulivre.fr\/\">CNL<\/a>, Rectorat, <a href=\"http:\/\/www.univ-lorraine.fr\/\">Universit\u00e4t Metz<\/a>, <a href=\"http:\/\/asbh.fr\/\">ASBH<\/a>, Le Carreau,<a href=\"http:\/\/www.musee-les-mineurs.fr\/bienvenue\/\"> Mus\u00e9e du Carreau Wendel<\/a>, Stadt Forbach, weiterf\u00fchrende Schulen des Kohlenbeckens und des Saarlands) rund um die Erinnerung an die Arbeiter wird 2011 und 2012 durch die Produktion des St\u00fcckes <em>Tout un homme<\/em> fortgef\u00fchrt und ist im M\u00e4rz 2012 in ganz Lothringen auf Tournee. Dieses St\u00fcck bekommt von einem sehr heterogenen Publikum gro\u00dfen Zuspruch. Eine Fotoausstellung begleitet das Projekt: <em>Les Chibanis<\/em> von Eric Didym und dem Fotografenkollektiv <a href=\"http:\/\/www.surfacesensible.fr\/index.php\">Surfaces-Sensibles<\/a>.<\/p>\n<h4>2011 &#8211; 2013 \u2013 Idee einer grenz\u00fcberschreitenden Nationalb\u00fchne<\/h4>\n<p><strong>Der Wille, ein grenz\u00fcberschreitendes Partnerschaftsprojekt zu organisieren, wird im Oktober 2011 durch den Start des Projekts <a href=\"http:\/\/www.artbruecken.eu\/\">ArtBr\u00fccken <\/a>umgesetzt, das im Jahr 2011 aus der Zusammenarbeit zwischen dem Carreau \u2013 Sc\u00e8ne Nationale de Forbach et de l\u2019Est mosellan und der <a href=\"http:\/\/www.stiftung-dfkultur.org\/\">Stiftung f\u00fcr die deutsch-franz\u00f6sische Kulturelle Zusammenarbeit<\/a><\/strong><strong> in Saarbr\u00fccken entstanden ist.<\/strong> Das Projekt ArtBr\u00fccken befasst sich mit dem breit gef\u00e4cherten Bereich zeitgen\u00f6ssischer B\u00fchnenkunst und wird von zahlreichen lokalen und regionalen Partnern unterst\u00fctzt. So wird erm\u00f6glicht, durch kulturelle Aktionen Br\u00fccken zwischen den Bewohnern, K\u00fcnstlern und Akteuren der Gro\u00dfregion zu schlagen und grenz\u00fcberschreitende Kooperationen zu finanzieren.<\/p>\n<h4>Beispiele konkreter Projekte, die dank ArtBr\u00fccken umgesetzt werden konnten:<\/h4>\n<ul>\n<li>Produktion von zweisprachigen deutsch-franz\u00f6sischen St\u00fccken (<em><a href=\"http:\/\/www.artbruecken.eu\/index.php?id=517&amp;no_cache=1&amp;tx_mixednav_pi1[stueck_uid]=139&amp;cHash=a5d5816640f1a63412512b01d38b8e53\">Mo\u00efra<\/a><\/em>, <em>Euleweule<\/em>, <em>Tricksters<\/em>)<\/li>\n<li>Urauff\u00fchrung von <a href=\"http:\/\/www.loostik.eu\/start\/\">LOOSTIK \u2013 deutsch-franz\u00f6sisches Festival f\u00fcr junges Publikum<\/a><\/li>\n<li>Start eines deutsch-franz\u00f6sischen Theaterworkshops<\/li>\n<li>Angebot kostenloser Pendelbusse, damit das Publikum auf beiden Seiten der Grenzen mobiler ist<\/li>\n<li>Systematische \u00dcbertitelung der St\u00fccke auf Deutsch und\/oder Franz\u00f6sisch, Installation zweisprachiger Beschilderung im Innern<\/li>\n<li>Organisation professioneller deutsch-franz\u00f6sischer Treffen f\u00fcr Kulturschaffende im Bereich B\u00fchnenkunst<\/li>\n<li>Ausbildung in \u00dcbertitelungstechnik f\u00fcr Kulturschaffende<\/li>\n<\/ul>\n<p>&nbsp;<\/p><\/blockquote>\n<\/div>\n<\/div>\n","protected":false},"excerpt":{"rendered":"<p>in bearbeitung &nbsp; Le Carreau \u2013 Sc\u00e8ne nationale de Forbach et de l\u2019Est mosellan ist eine gemeinn\u00fctzige Organisation (Ortsrecht). Das Carreau ist 1996 aus dem Willen heraus entstanden, eine kulturelle Einrichtung in einer sehr strukturarmen Region zu schaffen. Es wird \u00fcber die DRAC Lorraine (Regionaldirektion f\u00fcr kulturelle Angelegenheiten), den Conseil R\u00e9gional de Lorraine, den Syndicat &hellip; <a href=\"https:\/\/carreau-forbach.com\/de\/historique\/\">Continued<\/a><\/p>\n","protected":false},"author":1,"featured_media":0,"parent":0,"menu_order":0,"comment_status":"closed","ping_status":"closed","template":"","meta":{"_acf_changed":false,"footnotes":""},"class_list":["post-1236","page","type-page","status-publish","hentry"],"acf":[],"yoast_head":"<title>Geschichte - Le Carreau<\/title>\n<meta name=\"robots\" content=\"index, follow, max-snippet:-1, max-image-preview:large, max-video-preview:-1\" \/>\n<link rel=\"canonical\" href=\"https:\/\/carreau-forbach.com\/historique\/\" \/>\n<meta property=\"og:locale\" content=\"de_DE\" \/>\n<meta property=\"og:type\" content=\"article\" \/>\n<meta property=\"og:title\" content=\"Geschichte - Le Carreau\" \/>\n<meta property=\"og:description\" content=\"in bearbeitung &nbsp; Le Carreau \u2013 Sc\u00e8ne nationale de Forbach et de l\u2019Est mosellan ist eine gemeinn\u00fctzige Organisation (Ortsrecht). Das Carreau ist 1996 aus dem Willen heraus entstanden, eine kulturelle Einrichtung in einer sehr strukturarmen Region zu schaffen. Es wird \u00fcber die DRAC Lorraine (Regionaldirektion f\u00fcr kulturelle Angelegenheiten), den Conseil R\u00e9gional de Lorraine, den Syndicat &hellip; Continued\" \/>\n<meta property=\"og:url\" content=\"https:\/\/carreau-forbach.com\/historique\/\" \/>\n<meta property=\"og:site_name\" content=\"Le Carreau\" \/>\n<meta property=\"article:modified_time\" content=\"2023-01-05T13:45:09+00:00\" \/>\n<meta name=\"twitter:card\" content=\"summary_large_image\" \/>\n<meta name=\"twitter:label1\" content=\"Est. reading time\" \/>\n\t<meta name=\"twitter:data1\" content=\"6 minutes\" \/>\n<script type=\"application\/ld+json\" class=\"yoast-schema-graph\">{\"@context\":\"https:\/\/schema.org\",\"@graph\":[{\"@type\":\"WebPage\",\"@id\":\"https:\/\/carreau-forbach.com\/historique\/\",\"url\":\"https:\/\/carreau-forbach.com\/historique\/\",\"name\":\"Geschichte - Le Carreau\",\"isPartOf\":{\"@id\":\"https:\/\/carreau-forbach.com\/#website\"},\"datePublished\":\"2019-09-12T13:48:44+00:00\",\"dateModified\":\"2023-01-05T13:45:09+00:00\",\"breadcrumb\":{\"@id\":\"https:\/\/carreau-forbach.com\/historique\/#breadcrumb\"},\"inLanguage\":\"de-DE\",\"potentialAction\":[{\"@type\":\"ReadAction\",\"target\":[\"https:\/\/carreau-forbach.com\/historique\/\"]}]},{\"@type\":\"BreadcrumbList\",\"@id\":\"https:\/\/carreau-forbach.com\/historique\/#breadcrumb\",\"itemListElement\":[{\"@type\":\"ListItem\",\"position\":1,\"name\":\"Home\",\"item\":\"https:\/\/carreau-forbach.com\/de\/\"},{\"@type\":\"ListItem\",\"position\":2,\"name\":\"Geschichte\"}]},{\"@type\":\"WebSite\",\"@id\":\"https:\/\/carreau-forbach.com\/#website\",\"url\":\"https:\/\/carreau-forbach.com\/\",\"name\":\"Le Carreau\",\"description\":\"Sc\u00e8ne nationale de Forbach et de l&#039;Est mosellan\",\"potentialAction\":[{\"@type\":\"SearchAction\",\"target\":{\"@type\":\"EntryPoint\",\"urlTemplate\":\"https:\/\/carreau-forbach.com\/?s={search_term_string}\"},\"query-input\":{\"@type\":\"PropertyValueSpecification\",\"valueRequired\":true,\"valueName\":\"search_term_string\"}}],\"inLanguage\":\"de-DE\"}]}<\/script>","yoast_head_json":{"title":"Geschichte - Le Carreau","robots":{"index":"index","follow":"follow","max-snippet":"max-snippet:-1","max-image-preview":"max-image-preview:large","max-video-preview":"max-video-preview:-1"},"canonical":"https:\/\/carreau-forbach.com\/historique\/","og_locale":"de_DE","og_type":"article","og_title":"Geschichte - Le Carreau","og_description":"in bearbeitung &nbsp; Le Carreau \u2013 Sc\u00e8ne nationale de Forbach et de l\u2019Est mosellan ist eine gemeinn\u00fctzige Organisation (Ortsrecht). Das Carreau ist 1996 aus dem Willen heraus entstanden, eine kulturelle Einrichtung in einer sehr strukturarmen Region zu schaffen. Es wird \u00fcber die DRAC Lorraine (Regionaldirektion f\u00fcr kulturelle Angelegenheiten), den Conseil R\u00e9gional de Lorraine, den Syndicat &hellip; Continued","og_url":"https:\/\/carreau-forbach.com\/historique\/","og_site_name":"Le Carreau","article_modified_time":"2023-01-05T13:45:09+00:00","twitter_card":"summary_large_image","twitter_misc":{"Est. reading time":"6 minutes"},"schema":{"@context":"https:\/\/schema.org","@graph":[{"@type":"WebPage","@id":"https:\/\/carreau-forbach.com\/historique\/","url":"https:\/\/carreau-forbach.com\/historique\/","name":"Geschichte - Le Carreau","isPartOf":{"@id":"https:\/\/carreau-forbach.com\/#website"},"datePublished":"2019-09-12T13:48:44+00:00","dateModified":"2023-01-05T13:45:09+00:00","breadcrumb":{"@id":"https:\/\/carreau-forbach.com\/historique\/#breadcrumb"},"inLanguage":"de-DE","potentialAction":[{"@type":"ReadAction","target":["https:\/\/carreau-forbach.com\/historique\/"]}]},{"@type":"BreadcrumbList","@id":"https:\/\/carreau-forbach.com\/historique\/#breadcrumb","itemListElement":[{"@type":"ListItem","position":1,"name":"Home","item":"https:\/\/carreau-forbach.com\/de\/"},{"@type":"ListItem","position":2,"name":"Geschichte"}]},{"@type":"WebSite","@id":"https:\/\/carreau-forbach.com\/#website","url":"https:\/\/carreau-forbach.com\/","name":"Le Carreau","description":"Sc\u00e8ne nationale de Forbach et de l&#039;Est mosellan","potentialAction":[{"@type":"SearchAction","target":{"@type":"EntryPoint","urlTemplate":"https:\/\/carreau-forbach.com\/?s={search_term_string}"},"query-input":{"@type":"PropertyValueSpecification","valueRequired":true,"valueName":"search_term_string"}}],"inLanguage":"de-DE"}]}},"_links":{"self":[{"href":"https:\/\/carreau-forbach.com\/de\/wp-json\/wp\/v2\/pages\/1236","targetHints":{"allow":["GET"]}}],"collection":[{"href":"https:\/\/carreau-forbach.com\/de\/wp-json\/wp\/v2\/pages"}],"about":[{"href":"https:\/\/carreau-forbach.com\/de\/wp-json\/wp\/v2\/types\/page"}],"author":[{"embeddable":true,"href":"https:\/\/carreau-forbach.com\/de\/wp-json\/wp\/v2\/users\/1"}],"replies":[{"embeddable":true,"href":"https:\/\/carreau-forbach.com\/de\/wp-json\/wp\/v2\/comments?post=1236"}],"version-history":[{"count":5,"href":"https:\/\/carreau-forbach.com\/de\/wp-json\/wp\/v2\/pages\/1236\/revisions"}],"predecessor-version":[{"id":9987,"href":"https:\/\/carreau-forbach.com\/de\/wp-json\/wp\/v2\/pages\/1236\/revisions\/9987"}],"wp:attachment":[{"href":"https:\/\/carreau-forbach.com\/de\/wp-json\/wp\/v2\/media?parent=1236"}],"curies":[{"name":"wp","href":"https:\/\/api.w.org\/{rel}","templated":true}]}}